{"id":633,"date":"2024-02-19T17:36:56","date_gmt":"2024-02-19T16:36:56","guid":{"rendered":"https:\/\/agenciaphotogenic.com\/web\/?page_id=633"},"modified":"2024-02-19T17:39:56","modified_gmt":"2024-02-19T16:39:56","slug":"accesibilidad","status":"publish","type":"page","link":"https:\/\/agenciaphotogenic.com\/web\/accesibilidad\/","title":{"rendered":"Accesibilidad"},"content":{"rendered":"\t\t<div data-elementor-type=\"wp-page\" data-elementor-id=\"633\" class=\"elementor elementor-633\" data-elementor-post-type=\"page\">\n\t\t\t\t<div class=\"elementor-element elementor-element-9120c9d e-flex e-con-boxed e-con e-parent\" data-id=\"9120c9d\" data-element_type=\"container\">\n\t\t\t\t\t<div class=\"e-con-inner\">\n\t\t\t\t<div class=\"elementor-element elementor-element-432c1736 elementor-widget elementor-widget-text-editor\" data-id=\"432c1736\" data-element_type=\"widget\" data-widget_type=\"text-editor.default\">\n\t\t\t\t<div class=\"elementor-widget-container\">\n\t\t\t\t\t\t\t\t\t<p>PHOTOGENIC AGENCIA GR\u00c1FICA S.L. se ha comprometido a hacer accesible su sitio web, de conformidad con el Real Decreto 1112\/2018, de 7 de septiembre, sobre accesibilidad de los sitios web y aplicaciones para dispositivos m\u00f3viles.<\/p><p>La presente declaraci\u00f3n de accesibilidad se aplica a este sitio web.<\/p><p><strong>SITUACI\u00d3N DE CUMPLIMIENTO<\/strong><br \/>Este sitio web es parcialmente conforme con el RD 1112\/2018 debido a las excepciones y a la falta de conformidad de los aspectos que se indican en el siguiente punto.<\/p><p><strong>CONTENIDO NO ACCESIBLE<\/strong><br \/>El contenido que se recoge a continuaci\u00f3n no es accesible por lo siguiente:<\/p><p>Falta de conformidad con el RD 1112\/2018<br \/>Podr\u00edan existir algunos aspectos de contraste que no cumplan los m\u00ednimos exigidos, 3:1, con respecto a los colores adyacentes del fondo de la secci\u00f3n de la web en cuesti\u00f3n. [9.1.4.11 Contraste no textual]<\/p><p>Podr\u00edan existir algunos elementos no textuales no etiquetados correctamente [2.5.3 Etiqueta en el nombre] y [4.1.2 Nombre funci\u00f3n y valor]<\/p><p>Los buscadores buscan autom\u00e1ticamente sin necesidad de ordenar ninguna acci\u00f3n por parte del usuario [3.2.2 Al recibir entradas]<\/p><p>Podr\u00edan existir algunos textos en otro idioma no etiquetados correctamente [3.1.2 Idioma de las partes]<\/p><p>Podr\u00edan existir errores de c\u00f3digo puntuales de edici\u00f3n en alguna p\u00e1gina web. [4.1.1 Procesamiento]<\/p><p>Carga desproporcionada<br \/>No aplica.<\/p><p>El contenido no entra dentro del \u00e1mbito de la legislaci\u00f3n aplicable<br \/>Podr\u00edan existir archivos ofim\u00e1ticos en PDF u otros formatos publicados antes del 20 de septiembre de 2018 que no cumplan en su totalidad todos los requisitos de accesibilidad. Aunque se ha procurado que la mayor\u00eda de ellos s\u00ed lo cumplan.<\/p><p><strong>PREPARACI\u00d3N DE LA SIGUIENTE DECLARACI\u00d3N DE ACCESIBILIDAD<\/strong><br \/>La presente declaraci\u00f3n fue preparada el 19 de Febrero de 2024.<\/p><p>El m\u00e9todo empleado para preparar la declaraci\u00f3n ha sido una autoevaluaci\u00f3n llevada a cabo por la empresa que desarroll\u00f3 la web.<\/p><p><strong>OBSERVACIONES Y DATOS DE CONTACTO<\/strong><br \/>Puede realizar comunicaciones sobre requisitos de accesibilidad (articulo 10.2.a del RD 1112\/2018) como por ejemplo:<\/p><p>Informar sobre cualquier posible incumplimiento por parte de este sitio web<br \/>Transmitir otras dificultades de acceso al contenido<br \/>Formular cualquier otra consulta o sugerencia de mejora relativa a la accesibilidad del sitio web<br \/>A trav\u00e9s del form<\/p><p>Puede presentar:<\/p><p>Queja relativa al cumplimiento de los requisitos del RD 1112\/2018 o Solicitud de Informaci\u00f3n accesible relativa a:<\/p><p>Contenidos que est\u00e1n excluidos del \u00e1mbito de aplicaci\u00f3n del RD 1112\/2018 seg\u00fan lo establecido por el art\u00edculo 3, apartado 4<\/p><p>Contenidos que est\u00e1n exentos del cumplimiento de los requisitos de accesibilidad por imponer una carga desproporcionada.<\/p><p>En la Solicitud de informaci\u00f3n accesible, se debe concretar, con toda claridad, los hechos, razones y petici\u00f3n que permitan constatar que se trata de una solicitud razonable y leg\u00edtima.<\/p><p>Las quejas y reclamaciones sobre informaci\u00f3n accesible se realizar\u00e1n a trav\u00e9s del formulario de contacto, y ser\u00e1n recibidas y tratadas por PHOTOGENIC AGENCIA GR\u00c1FICA S.L.<\/p><p><strong>PROCEDIMIENTO DE APLICACI\u00d3N<\/strong><br \/>Si una vez realizada una solicitud de informaci\u00f3n accesible o queja, \u00e9sta hubiera sido desestimada, no se estuviera de acuerdo con la decisi\u00f3n adoptada, o la respuesta no cumpliera los requisitos contemplados en el art\u00edculo 12.5, la persona interesada podr\u00e1 iniciar una reclamaci\u00f3n. Igualmente se podr\u00e1 iniciar una reclamaci\u00f3n en el caso de que haya transcurrido el plazo de veinte d\u00edas h\u00e1biles sin haber obtenido respuesta.<\/p><p><strong>CONTENIDO OPCIONAL<\/strong><br \/>Esta web esta dise\u00f1ada para poder cambiar el tama\u00f1o del texto y el color, as\u00ed como el fondo de la pagina mediante las opciones de configuraci\u00f3n est\u00e1ndar de los navegadores.<\/p><p>Si desea cambiar el tama\u00f1o de letra del texto en los principales navegadores gr\u00e1ficos utilice los siguientes men\u00fas:<\/p><p>Internet Explorer, Mozilla y Firefox: Ver &gt; Tama\u00f1o del texto<br \/>Opera: Ver &gt; Zoom<br \/>Safari: Ver &gt; Hacer el texto mas grande<br \/>Chrome: Controla la pagina actual &gt; Tama\u00f1o del texto<br \/>Para modificar el tama\u00f1o de todo en la pagina:<br \/>Ctrl + + para aumentarlo<br \/>Ctrl + \u2013 para disminuirlo<br \/>Ctrl + 0 restaura el tama\u00f1o original del texto<\/p><p>Si lo que quiere es anular la hoja de estilos o modificar el color del texto, puede consultar la pagina <strong><a href=\"https:\/\/www.w3.org\/WAI\/meta\/customize\/\">How to Change Text Size or Colors de la WAI<\/a><\/strong>, que se puede leer traducida al espa\u00f1ol en \u00bfC\u00f3mo cambiar el tama\u00f1o del texto o colores?<\/p>\t\t\t\t\t\t\t\t<\/div>\n\t\t\t\t<\/div>\n\t\t\t\t\t<\/div>\n\t\t\t\t<\/div>\n\t\t\t\t<\/div>\n\t\t","protected":false},"excerpt":{"rendered":"<p>PHOTOGENIC AGENCIA GR\u00c1FICA S.L. se ha comprometido a hacer accesible su sitio web, de conformidad con el Real Decreto 1112\/2018, de 7 de septiembre, sobre accesibilidad de los sitios web y aplicaciones para dispositivos m\u00f3viles. La presente declaraci\u00f3n de accesibilidad se aplica a este sitio web. SITUACI\u00d3N DE CUMPLIMIENTOEste sitio web es parcialmente conforme con [&hellip;]<\/p>\n","protected":false},"author":1,"featured_media":0,"parent":0,"menu_order":0,"comment_status":"closed","ping_status":"closed","template":"","meta":{"footnotes":""},"class_list":["post-633","page","type-page","status-publish","hentry"],"yoast_head":"<!-- This site is optimized with the Yoast SEO plugin v26.8 - https:\/\/yoast.com\/product\/yoast-seo-wordpress\/ -->\n<title>Accesibilidad - Fot\u00f3grafos en Valladolid - Photogenic Agencia Gr\u00e1fica<\/title>\n<meta name=\"robots\" content=\"index, follow, max-snippet:-1, max-image-preview:large, max-video-preview:-1\" \/>\n<link rel=\"canonical\" href=\"https:\/\/agenciaphotogenic.com\/web\/accesibilidad\/\" \/>\n<meta property=\"og:locale\" content=\"es_ES\" \/>\n<meta property=\"og:type\" content=\"article\" \/>\n<meta property=\"og:title\" content=\"Accesibilidad - Fot\u00f3grafos en Valladolid - Photogenic Agencia Gr\u00e1fica\" \/>\n<meta property=\"og:description\" content=\"PHOTOGENIC AGENCIA GR\u00c1FICA S.L. se ha comprometido a hacer accesible su sitio web, de conformidad con el Real Decreto 1112\/2018, de 7 de septiembre, sobre accesibilidad de los sitios web y aplicaciones para dispositivos m\u00f3viles. La presente declaraci\u00f3n de accesibilidad se aplica a este sitio web. SITUACI\u00d3N DE CUMPLIMIENTOEste sitio web es parcialmente conforme con [&hellip;]\" \/>\n<meta property=\"og:url\" content=\"https:\/\/agenciaphotogenic.com\/web\/accesibilidad\/\" \/>\n<meta property=\"og:site_name\" content=\"Fot\u00f3grafos en Valladolid - Photogenic Agencia Gr\u00e1fica\" \/>\n<meta property=\"article:modified_time\" content=\"2024-02-19T16:39:56+00:00\" \/>\n<meta name=\"twitter:card\" content=\"summary_large_image\" \/>\n<meta name=\"twitter:label1\" content=\"Tiempo de lectura\" \/>\n\t<meta name=\"twitter:data1\" content=\"4 minutos\" \/>\n<script type=\"application\/ld+json\" class=\"yoast-schema-graph\">{\"@context\":\"https:\/\/schema.org\",\"@graph\":[{\"@type\":\"WebPage\",\"@id\":\"https:\/\/agenciaphotogenic.com\/web\/accesibilidad\/\",\"url\":\"https:\/\/agenciaphotogenic.com\/web\/accesibilidad\/\",\"name\":\"Accesibilidad - Fot\u00f3grafos en Valladolid - Photogenic Agencia Gr\u00e1fica\",\"isPartOf\":{\"@id\":\"https:\/\/agenciaphotogenic.com\/web\/#website\"},\"datePublished\":\"2024-02-19T16:36:56+00:00\",\"dateModified\":\"2024-02-19T16:39:56+00:00\",\"breadcrumb\":{\"@id\":\"https:\/\/agenciaphotogenic.com\/web\/accesibilidad\/#breadcrumb\"},\"inLanguage\":\"es\",\"potentialAction\":[{\"@type\":\"ReadAction\",\"target\":[\"https:\/\/agenciaphotogenic.com\/web\/accesibilidad\/\"]}]},{\"@type\":\"BreadcrumbList\",\"@id\":\"https:\/\/agenciaphotogenic.com\/web\/accesibilidad\/#breadcrumb\",\"itemListElement\":[{\"@type\":\"ListItem\",\"position\":1,\"name\":\"Portada\",\"item\":\"https:\/\/agenciaphotogenic.com\/web\/\"},{\"@type\":\"ListItem\",\"position\":2,\"name\":\"Accesibilidad\"}]},{\"@type\":\"WebSite\",\"@id\":\"https:\/\/agenciaphotogenic.com\/web\/#website\",\"url\":\"https:\/\/agenciaphotogenic.com\/web\/\",\"name\":\"Fot\u00f3grafos en Valladolid - Photogenic Agencia Gr\u00e1fica\",\"description\":\"Fot\u00f3grafos en Valladolid. Photogenic es una empresa formada por fot\u00f3grafos que ofrece servicios de prensa, deportes, bodas, y eventos\",\"publisher\":{\"@id\":\"https:\/\/agenciaphotogenic.com\/web\/#organization\"},\"potentialAction\":[{\"@type\":\"SearchAction\",\"target\":{\"@type\":\"EntryPoint\",\"urlTemplate\":\"https:\/\/agenciaphotogenic.com\/web\/?s={search_term_string}\"},\"query-input\":{\"@type\":\"PropertyValueSpecification\",\"valueRequired\":true,\"valueName\":\"search_term_string\"}}],\"inLanguage\":\"es\"},{\"@type\":\"Organization\",\"@id\":\"https:\/\/agenciaphotogenic.com\/web\/#organization\",\"name\":\"Fot\u00f3grafos en Valladolid - Photogenic Agencia Gr\u00e1fica\",\"url\":\"https:\/\/agenciaphotogenic.com\/web\/\",\"logo\":{\"@type\":\"ImageObject\",\"inLanguage\":\"es\",\"@id\":\"https:\/\/agenciaphotogenic.com\/web\/#\/schema\/logo\/image\/\",\"url\":\"https:\/\/agenciaphotogenic.com\/web\/wp-content\/uploads\/logo-blanco.png\",\"contentUrl\":\"https:\/\/agenciaphotogenic.com\/web\/wp-content\/uploads\/logo-blanco.png\",\"width\":1200,\"height\":300,\"caption\":\"Fot\u00f3grafos en Valladolid - Photogenic Agencia Gr\u00e1fica\"},\"image\":{\"@id\":\"https:\/\/agenciaphotogenic.com\/web\/#\/schema\/logo\/image\/\"}}]}<\/script>\n<!-- \/ Yoast SEO plugin. -->","yoast_head_json":{"title":"Accesibilidad - Fot\u00f3grafos en Valladolid - Photogenic Agencia Gr\u00e1fica","robots":{"index":"index","follow":"follow","max-snippet":"max-snippet:-1","max-image-preview":"max-image-preview:large","max-video-preview":"max-video-preview:-1"},"canonical":"https:\/\/agenciaphotogenic.com\/web\/accesibilidad\/","og_locale":"es_ES","og_type":"article","og_title":"Accesibilidad - Fot\u00f3grafos en Valladolid - Photogenic Agencia Gr\u00e1fica","og_description":"PHOTOGENIC AGENCIA GR\u00c1FICA S.L. se ha comprometido a hacer accesible su sitio web, de conformidad con el Real Decreto 1112\/2018, de 7 de septiembre, sobre accesibilidad de los sitios web y aplicaciones para dispositivos m\u00f3viles. La presente declaraci\u00f3n de accesibilidad se aplica a este sitio web. SITUACI\u00d3N DE CUMPLIMIENTOEste sitio web es parcialmente conforme con [&hellip;]","og_url":"https:\/\/agenciaphotogenic.com\/web\/accesibilidad\/","og_site_name":"Fot\u00f3grafos en Valladolid - Photogenic Agencia Gr\u00e1fica","article_modified_time":"2024-02-19T16:39:56+00:00","twitter_card":"summary_large_image","twitter_misc":{"Tiempo de lectura":"4 minutos"},"schema":{"@context":"https:\/\/schema.org","@graph":[{"@type":"WebPage","@id":"https:\/\/agenciaphotogenic.com\/web\/accesibilidad\/","url":"https:\/\/agenciaphotogenic.com\/web\/accesibilidad\/","name":"Accesibilidad - Fot\u00f3grafos en Valladolid - Photogenic Agencia Gr\u00e1fica","isPartOf":{"@id":"https:\/\/agenciaphotogenic.com\/web\/#website"},"datePublished":"2024-02-19T16:36:56+00:00","dateModified":"2024-02-19T16:39:56+00:00","breadcrumb":{"@id":"https:\/\/agenciaphotogenic.com\/web\/accesibilidad\/#breadcrumb"},"inLanguage":"es","potentialAction":[{"@type":"ReadAction","target":["https:\/\/agenciaphotogenic.com\/web\/accesibilidad\/"]}]},{"@type":"BreadcrumbList","@id":"https:\/\/agenciaphotogenic.com\/web\/accesibilidad\/#breadcrumb","itemListElement":[{"@type":"ListItem","position":1,"name":"Portada","item":"https:\/\/agenciaphotogenic.com\/web\/"},{"@type":"ListItem","position":2,"name":"Accesibilidad"}]},{"@type":"WebSite","@id":"https:\/\/agenciaphotogenic.com\/web\/#website","url":"https:\/\/agenciaphotogenic.com\/web\/","name":"Fot\u00f3grafos en Valladolid - Photogenic Agencia Gr\u00e1fica","description":"Fot\u00f3grafos en Valladolid. Photogenic es una empresa formada por fot\u00f3grafos que ofrece servicios de prensa, deportes, bodas, y eventos","publisher":{"@id":"https:\/\/agenciaphotogenic.com\/web\/#organization"},"potentialAction":[{"@type":"SearchAction","target":{"@type":"EntryPoint","urlTemplate":"https:\/\/agenciaphotogenic.com\/web\/?s={search_term_string}"},"query-input":{"@type":"PropertyValueSpecification","valueRequired":true,"valueName":"search_term_string"}}],"inLanguage":"es"},{"@type":"Organization","@id":"https:\/\/agenciaphotogenic.com\/web\/#organization","name":"Fot\u00f3grafos en Valladolid - Photogenic Agencia Gr\u00e1fica","url":"https:\/\/agenciaphotogenic.com\/web\/","logo":{"@type":"ImageObject","inLanguage":"es","@id":"https:\/\/agenciaphotogenic.com\/web\/#\/schema\/logo\/image\/","url":"https:\/\/agenciaphotogenic.com\/web\/wp-content\/uploads\/logo-blanco.png","contentUrl":"https:\/\/agenciaphotogenic.com\/web\/wp-content\/uploads\/logo-blanco.png","width":1200,"height":300,"caption":"Fot\u00f3grafos en Valladolid - Photogenic Agencia Gr\u00e1fica"},"image":{"@id":"https:\/\/agenciaphotogenic.com\/web\/#\/schema\/logo\/image\/"}}]}},"_links":{"self":[{"href":"https:\/\/agenciaphotogenic.com\/web\/wp-json\/wp\/v2\/pages\/633","targetHints":{"allow":["GET"]}}],"collection":[{"href":"https:\/\/agenciaphotogenic.com\/web\/wp-json\/wp\/v2\/pages"}],"about":[{"href":"https:\/\/agenciaphotogenic.com\/web\/wp-json\/wp\/v2\/types\/page"}],"author":[{"embeddable":true,"href":"https:\/\/agenciaphotogenic.com\/web\/wp-json\/wp\/v2\/users\/1"}],"replies":[{"embeddable":true,"href":"https:\/\/agenciaphotogenic.com\/web\/wp-json\/wp\/v2\/comments?post=633"}],"version-history":[{"count":4,"href":"https:\/\/agenciaphotogenic.com\/web\/wp-json\/wp\/v2\/pages\/633\/revisions"}],"predecessor-version":[{"id":637,"href":"https:\/\/agenciaphotogenic.com\/web\/wp-json\/wp\/v2\/pages\/633\/revisions\/637"}],"wp:attachment":[{"href":"https:\/\/agenciaphotogenic.com\/web\/wp-json\/wp\/v2\/media?parent=633"}],"curies":[{"name":"wp","href":"https:\/\/api.w.org\/{rel}","templated":true}]}}